{"id":734,"date":"2019-04-11T20:10:16","date_gmt":"2019-04-11T20:10:16","guid":{"rendered":"https:\/\/extinctionrebellion.nl\/?page_id=734"},"modified":"2020-09-14T07:38:30","modified_gmt":"2020-09-14T07:38:30","slug":"pers-media","status":"publish","type":"page","link":"https:\/\/extinctionrebellion.nl\/en\/pers-media\/","title":{"rendered":"Press &#038; Media"},"content":{"rendered":"<h4><strong>Contact information for journalists and editors<\/strong><\/h4>\n<p><strong>Contact by email:<br \/>\n<\/strong>The best way of contacting us is by sending an email to <a href=\"mailto:media@extinctionrebellion.nl\">media@extinctionrebellion.nl.\u00a0<\/a> We work on a national level with a group of spokespersons. For information about upcoming actions and interview requests we recommend you sent a mail. You can also on request be added to our presslist.<\/p>\n<p><strong>Contact by telephone<br \/>\n<\/strong>For urgent questions you can contact us by phone on the following number: 06-48170971<\/p>\n<p><strong>Local groups<br \/>\n<\/strong>Local groups in the country often have their own spokespersons. Their contact details are mentioned in the local press releases.<\/p>\n<p><a class=\"btn btn-primary\" href=\"#xr_media\">Extinction Rebellion Nederland in the Media<\/a><\/p>\n<h2 class=\"mt-5\">Press releases<\/h2>\n<ul class=\"display-posts-listing\"><li class=\"listing-item\"><a class=\"title\" href=\"https:\/\/extinctionrebellion.nl\/en\/extinction-rebellion-blokkeert-hoofdingang-ep-nl-energiecentrale-in-rijnmond\/\">Extinction Rebellion blokkeert hoofdingang EP NL Energiecentrale in Rijnmond<\/a> <span class=\"date\">29 April 2026<\/span> <span class=\"excerpt\">Actie tegen EPH, een fossiele gigant midden in Europa Een groep van ongeveer 25 rebellen heeft vanmorgen rond half 12 de ingang geblokkeerd van een gasgestookte energiecentrale van EP NL aan de Petroleumweg in Rotterdam Rijnmond. Zij proberen daarmee de werkzaamheden in de centrale te verstoren, uit protest tegen het moederbedrijf EPH van de Tsjechische&hellip; <a class=\"excerpt-more\" href=\"https:\/\/extinctionrebellion.nl\/en\/extinction-rebellion-blokkeert-hoofdingang-ep-nl-energiecentrale-in-rijnmond\/\">Lees verder<\/a><\/span><\/li><li class=\"listing-item\"><a class=\"title\" href=\"https:\/\/extinctionrebellion.nl\/en\/extinction-rebellion-voert-actie-voor-hoofdkantoor-ing\/\">Extinction Rebellion voert actie voor hoofdkantoor ING<\/a> <span class=\"date\">28 April 2026<\/span> <span class=\"excerpt\">ING financiert EPH, een fossiele gigant midden in Europa Een groep van ongeveer 10 rebellen heeft vandaag rond lunchtijd actie gevoerd voor de deur van het hoofdkantoor van ING aan de Bijlmerdreef in Amsterdam. Zij eisten dat ING stopt met financi\u00eble dienstverlening aan EPH, een multinational die door heel Europa vervuilende kolenmijnen openhoudt.\u00a0 De rebellen&hellip; <a class=\"excerpt-more\" href=\"https:\/\/extinctionrebellion.nl\/en\/extinction-rebellion-voert-actie-voor-hoofdkantoor-ing\/\">Lees verder<\/a><\/span><\/li><li class=\"listing-item\"><a class=\"title\" href=\"https:\/\/extinctionrebellion.nl\/en\/utrecht-for-palestine-sluit-zich-aan-bij-extinction-rebellion-en-debt-for-climate-stop-fossiele-subsidies\/\">Utrecht for Palestine sluit zich aan bij Extinction Rebellion en Debt for Climate: &#8220;Stop fossiele subsidies&#8221;\u00a0<\/a> <span class=\"date\">20 April 2026<\/span> <span class=\"excerpt\">Nederlandse medeplichtigheid aan genocide en ecocide moet stoppen. Het is tijd voor dekoloniaal herstel en solidariteit Op zaterdag 25 april om\u00a012.00 uur leggen Extinction Rebellion (XR), Debt for Climate (D4C) en Utrecht for Palestine (U4P) de ring rond Utrecht plat. De blokkade vindt plaats na de reis van de Climate Justice Flotilla (CJF)[1] en voorafgaand&hellip; <a class=\"excerpt-more\" href=\"https:\/\/extinctionrebellion.nl\/en\/utrecht-for-palestine-sluit-zich-aan-bij-extinction-rebellion-en-debt-for-climate-stop-fossiele-subsidies\/\">Lees verder<\/a><\/span><\/li><li class=\"listing-item\"><a class=\"title\" href=\"https:\/\/extinctionrebellion.nl\/en\/climate-justice-flotilla-arriveert-op-bonaire-nederland-moet-verantwoordelijkheid-nemen-voor-klimaatrechtvaardigheid\/\">Climate Justice Flotilla arriveert op Bonaire: Nederland moet verantwoordelijkheid nemen voor klimaatrechtvaardigheid<\/a> <span class=\"date\">16 April 2026<\/span> <span class=\"excerpt\">Rebellen eisen rechtvaardige transitie, herstelbetalingen en einde aan fossiel tijdperk tijdens conferentie in Santa Marta Rebellen van de Climate Justice Flotilla (CJF) [1] arriveerden op 14 april 2026 op Bonaire met de schepen Apsara en Ocean Rebellion en eisen dat Nederland en het mondiale Noorden hun verantwoordelijkheid nemen voor de klimaatcrisis, in het bijzonder voor&hellip; <a class=\"excerpt-more\" href=\"https:\/\/extinctionrebellion.nl\/en\/climate-justice-flotilla-arriveert-op-bonaire-nederland-moet-verantwoordelijkheid-nemen-voor-klimaatrechtvaardigheid\/\">Lees verder<\/a><\/span><\/li><li class=\"listing-item\"><a class=\"title\" href=\"https:\/\/extinctionrebellion.nl\/en\/extinction-rebellion-opent-pop-up-reisburo-achter-de-security-van-schiphol\/\">Extinction Rebellion opent pop-up reisburo achter de security van Schiphol<\/a> <span class=\"date\">15 April 2026<\/span> <span class=\"excerpt\">Gratis busreizen voor frequent flyers Vanochtend opende Extinction Rebellion een pop-up reisburo achter de security. Het alternatieve reisburo staat naast de priority boarding voor frequent flyers &amp; business class passagiers. De frequent flyers die klaarstaan voor de KLM-vlucht naar Parijs* worden\u00a0 uitgenodigd om gratis met de bus te reizen die klaar staat bij de kiss&amp;ride&hellip; <a class=\"excerpt-more\" href=\"https:\/\/extinctionrebellion.nl\/en\/extinction-rebellion-opent-pop-up-reisburo-achter-de-security-van-schiphol\/\">Lees verder<\/a><\/span><\/li><li class=\"listing-item\"><a class=\"title\" href=\"https:\/\/extinctionrebellion.nl\/en\/extinction-rebellion-verstoort-aandeelhoudersvergadering-ing\/\">Extinction Rebellion verstoort aandeelhoudersvergadering ING<\/a> <span class=\"date\">14 April 2026<\/span> <span class=\"excerpt\">\u201cLijken\u201d weggesleept uit de zaal. (1) Een klein groepje rebellen heeft tijdens de jaarlijkse algemene vergadering van ING in het Muziekgebouw aan \u2018t IJ voor een aantal interrupties gezorgd.\u00a0Rond 3 uur vanmiddag stonden zij \u00e9\u00e9n voor \u00e9\u00e9n op uit hun stoel en riepen hardop de namen van personen die om het leven zijn gekomen als&hellip; <a class=\"excerpt-more\" href=\"https:\/\/extinctionrebellion.nl\/en\/extinction-rebellion-verstoort-aandeelhoudersvergadering-ing\/\">Lees verder<\/a><\/span><\/li><li class=\"listing-item\"><a class=\"title\" href=\"https:\/\/extinctionrebellion.nl\/en\/extinction-rebellion-komt-op-voor-omwonenden-gasveld-warffum-en-blokkeert-werkzaamheden-nam\/\">Extinction Rebellion komt op voor omwonenden gasveld Warffum en blokkeert werkzaamheden NAM<\/a> <span class=\"date\">13 April 2026<\/span> <span class=\"excerpt\">De eis aan de NAM en het kabinet: De gaskraan blijft dicht!! Op maandag 13 april hebben rebellen van Extinction Rebellion\u00a0de doodlopende weg geblokkeerd naar de gasput in Warffum.\u00a0Daarmee willen ze\u00a0voorkomen dat de NAM werkzaamheden kan starten om dit gasveld weer te openen. Extinction Rebellion eist dat het kabinet zorgt voor een snelle en ruimhartige&hellip; <a class=\"excerpt-more\" href=\"https:\/\/extinctionrebellion.nl\/en\/extinction-rebellion-komt-op-voor-omwonenden-gasveld-warffum-en-blokkeert-werkzaamheden-nam\/\">Lees verder<\/a><\/span><\/li><li class=\"listing-item\"><a class=\"title\" href=\"https:\/\/extinctionrebellion.nl\/en\/solidariteitsprotest-extinction-rebellion-here-to-support-en-de-straat-op-geen-mens-is-illegaal\/\">Solidariteitsprotest\u00a0Extinction Rebellion, Here to Support en De Straat Op: &#8220;Geen mens is illegaal&#8221;<\/a> <span class=\"date\">9 April 2026<\/span> <span class=\"excerpt\">Zowel Tweestatusstelsel als Asielnoodmaatregelenwet onmenselijk \u00a0 Op dinsdag 14 april 2026 vanaf 13.00 uur organiseren Extinction Rebellion, Here to Support en De Straat Op een solidariteitsprotest voor het gebouw van de Eerste Kamer. Geschokte demonstranten spreken die dag hun afschuw uit in solidariteit met iedereen die in Nederland is omdat die heeft moeten vluchten. De&hellip; <a class=\"excerpt-more\" href=\"https:\/\/extinctionrebellion.nl\/en\/solidariteitsprotest-extinction-rebellion-here-to-support-en-de-straat-op-geen-mens-is-illegaal\/\">Lees verder<\/a><\/span><\/li><li class=\"listing-item\"><a class=\"title\" href=\"https:\/\/extinctionrebellion.nl\/en\/climate-justice-flotilla-cjf-vaart-vanaf-7-april-door-caribisch-gebied-naar-conferentie-afbouw-fossiele-brandstoffen-in-colombia\/\">Climate Justice Flotilla (CJF) vaart vanaf 7 april door Caribisch gebied naar conferentie afbouw fossiele brandstoffen in Colombia<\/a> <span class=\"date\">7 April 2026<\/span> <span class=\"excerpt\">Activisten winnen koloniale handelsroutes terug om op te komen tegen fossiel imperialisme Vandaag, op dinsdag 7 april 2026, vertrekt de Climate Justice Flotilla (CJF) vanuit de Lagoon Marina op Sint Maarten om via Bonaire, Cura\u00e7ao en Aruba naar Santa Marta (Colombia) te varen, waar de eerste\u00a0Internationale Conferentie over de Afbouw van Fossiele Brandstoffen wordt gehouden,&hellip; <a class=\"excerpt-more\" href=\"https:\/\/extinctionrebellion.nl\/en\/climate-justice-flotilla-cjf-vaart-vanaf-7-april-door-caribisch-gebied-naar-conferentie-afbouw-fossiele-brandstoffen-in-colombia\/\">Lees verder<\/a><\/span><\/li><li class=\"listing-item\"><a class=\"title\" href=\"https:\/\/extinctionrebellion.nl\/en\/extinction-rebellion-bezet-de-rwe-eemshavencentrale-met-tenten-tot-de-centrale-sluit\/\">Extinction Rebellion bezet de RWE Eemshavencentrale met tenten tot de centrale sluit<\/a> <span class=\"date\">26 March 2026<\/span> <span class=\"excerpt\">Sluit de Eemshavencentrale! Op donderdag 26 maart bezetten 30 rebellen van Extinction Rebellion (XR) vanaf 13.00 uur de kolen- en biomassacentrale van RWE. Ze hebben tenten opgezet op de kade om te kunnen overnachten en verhinderen hiermee dat de schepen met steenkool en biomassa hun dodelijke lading kunnen lossen. De eis is: sluit per direct&hellip; <a class=\"excerpt-more\" href=\"https:\/\/extinctionrebellion.nl\/en\/extinction-rebellion-bezet-de-rwe-eemshavencentrale-met-tenten-tot-de-centrale-sluit\/\">Lees verder<\/a><\/span><\/li><\/ul>\n<h2 id=\"xr_media\">Extinction Rebellion Nederland in the Media<\/h2>\n<ul class=\"pl-4\">\n<li><a href=\"https:\/\/www.bnr.nl\/podcast\/thebigfive\/10401608\/biodiversiteit-tosca-peschier-extinction-rebellion\">4 februari 2020 &#8211; BNR: Biodiversiteit | Tosca Peschier, Extinction Rebellion<\/a><\/li>\n<li><a href=\"https:\/\/haarlemsweekblad.nl\/lokaal\/natuur-en-milieu\/veel-bekijks-bij-eerste-haarlemse-klimaatmars-680286\">3 februari 2020 &#8211; Haarlems Nieuws &amp; Weekblad: Veel bekijks bij eerste Haarlemse Klimaatmars<\/a><\/li>\n<li><a href=\"https:\/\/www.destentor.nl\/deventer\/klimaatdemonstranten-vallen-dood-neer-tijdens-luchtalarm-in-deventer~abb880d3\/\">3 februari 2020 &#8211; De Stentor: Klimaatdemonstranten vallen \u2018dood\u2019 neer tijdens luchtalarm in Deventer<\/a><\/li>\n<li><a href=\"https:\/\/boeddhistischdagblad.nl\/nieuws\/140824-extinction-rebellion-slaat-alarm-tijdens-het-luchtalarm\/\">3 februari 2020 &#8211; Boedhistisch Dagblad: Extinction Rebellion slaat alarm tijdens maandelijks luchtalarm<\/a><\/li>\n<li><a href=\"https:\/\/www.parool.nl\/amsterdam\/extinction-rebellion-valt-voor-dood-neer-bij-de-stopera-tijdens-luchtalarm~be2c22f16\/\">3 februari 2020 &#8211; Het Parool: Extinction Rebellion valt voor dood neer bij de Stopera tijdens luchtalarm<\/a><\/li>\n<li><a href=\"https:\/\/www.youtube.com\/watch?v=gqf9aUu0F20\">3 februari 2020 &#8211; Omroep PowNed: Willen Extinction Rebellion-activisten lid worden van PowNed?<\/a><\/li>\n<li><a href=\"https:\/\/www.nu.nl\/binnenland\/6027700\/extinction-rebellion-voert-actie-bij-shell-in-den-haag-33-mensen-opgepakt.html\">31 januari 2020 &#8211; NU.nl : Extinction Rebellion voert actie bij Shell in Den Haag, 33 mensen opgepakt<\/a><\/li>\n<li><a href=\"https:\/\/www.trouw.nl\/religie-filosofie\/zingen-over-bijna-uitgestorven-dieren-werkt-troostend~b5cb32e0\/\">27 januari 2020 &#8211; Trouw: \u2018Zingen over bijna uitgestorven dieren werkt troostend\u2019<\/a><\/li>\n<li><a href=\"https:\/\/joop.bnnvara.nl\/nieuws\/extinction-rebellion-voert-wereldwijd-actie-blokkeert-shell-kantoor\">16 januari 2020 &#8211; Joop: Extinction Rebellion voert wereldwijd actie, blokkeert Shell-kantoor<\/a><\/li>\n<li><a href=\"https:\/\/www.parool.nl\/amsterdam\/extinction-rebellion-valt-voor-dood-neer-op-de-dam-bij-luchtalarm~b29f0c80\/\">6 januari 2020 &#8211; Het Parool: Extinction Rebellion valt voor dood neer op de Dam bij luchtalarm<\/a><\/li>\n<li><a href=\"https:\/\/www.nhnieuws.nl\/nieuws\/254636\/activisten-extinction-rebellion-blokkeren-blauwbrug-in-centrum-amsterdam\">12 oktober 2019 &#8211; AT5: Politie pakt 130 milieuactivisten op bij blokkade Blauwbrug in Amsterdam<\/a><\/li>\n<li><a href=\"https:\/\/www.parool.nl\/columns-opinie\/politiek-opportunisme-ik-steun-deze-klimaatactie-wel-niet~b930a4b6\/\">12 oktober 2019 &#8211; Het Parool: Politiek opportunisme: ik steun deze klimaatactie wel\/niet<\/a><\/li>\n<li><a href=\"https:\/\/www.nhnieuws.nl\/nieuws\/254340\/klimaatactivisten-van-extinction-rebellion-bereiden-nieuwe-verrassingsactie-voor\">8 oktober 2019 &#8211; NH Nieuws: Klimaatactivisten van Extinction Rebellion bereiden nieuwe &#8216;verrassingsactie&#8217; voor<\/a><\/li>\n<li><a href=\"https:\/\/www.nrc.nl\/nieuws\/2019\/10\/07\/klimaatactivisten-extinction-rebellion-bezetten-verkeersader-amsterdam-a3975847\">7 oktober 2019 &#8211; Klimaatactivisten bezetten verkeersader Amsterdam, negentig arrestaties<\/a><\/li>\n<li><a href=\"https:\/\/www.nrc.nl\/nieuws\/2019\/10\/07\/sorry-deze-wegblokkade-is-een-noodgeval-a3975931\">7 oktober 2019 &#8211; NRC: Sorry, deze wegblokkade is een noodgeval<\/a><\/li>\n<li><a href=\"https:\/\/www.parool.nl\/amsterdam\/lees-terug-bijna-duizend-klimaatactivisten-blokkeerden-stadhouderskade~b54a50e2\/\">7 oktober 2019 &#8211; Het Parool: Lees terug: Bijna duizend klimaatactivisten blokkeerden Stadhouderskade<\/a><\/li>\n<li><a href=\"https:\/\/www.parool.nl\/amsterdam\/klimaatactivisten-verspreiden-brief-op-briefpapier-van-gemeente~bfd7b716\/\">27 september 2019 &#8211; Het Parool: Klimaatactivisten verspreiden brief op briefpapier van gemeente<\/a><\/li>\n<li><a href=\"https:\/\/www.nu.nl\/amsterdam\/5999591\/nepbrief-op-naam-van-gemeente-verspreid-door-actiegroep.html\">27 september 2019 &#8211; NU.nl: Nepbrief op naam van gemeente verspreid door actiegroep<\/a><\/li>\n<li><a href=\"https:\/\/nos.nl\/artikel\/2303602-amsterdammers-krijgen-nepbrief-met-oproep-tot-demonstreren.html\">27 september 2019 &#8211; NOS: Amsterdammers krijgen nepbrief met oproep tot demonstreren<\/a><\/li>\n<li><a href=\"https:\/\/www.tubantia.nl\/enschede\/honderd-betogers-bij-klimaatmars-in-enschede~ad89c51b\/\">27 september 2019 &#8211; Tubantia: Honderd betogers bij klimaatmars in Enschede<\/a><\/li>\n<li><a href=\"https:\/\/www.adformatie.nl\/campagnes\/dit-wil-extinction-rebellion-van-marketeers\">26 september 2019 &#8211; Adformatie: Dit wil Extinction Rebellion van marketeers: \u2018Broadcast ons logo op de Bijenkorf of Rijksmuseum\u2019<\/a><\/li>\n<li><a href=\"https:\/\/www.deventerrtv.nl\/ludieke-actie-extinction-rebellion\/\">23 september 2019 &#8211; Deventer Radio &amp; Televisie: Ludieke actie Extinction Rebellion<\/a><\/li>\n<li><a href=\"https:\/\/boeddhistischdagblad.nl\/maatschappij\/milieu\/133171-grootschalige-blokkade-in-amsterdam-voor-eerlijke-verhaal-over-de-klimaatcrisis\/\">22 september 2019 &#8211; Boeddhistisch Dagblad: \u2018Grootschalige blokkade in Amsterdam voor eerlijke verhaal over de klimaatcrisis\u2019<\/a><\/li>\n<li><a href=\"https:\/\/www.destentor.nl\/deventer\/koster-lebuinus-deventer-hoogst-ongelukkig-met-demonstranten-in-zijn-toren~ada9231e\/\">21 september 2019 &#8211; De Stentor: Koster Lebuinus Deventer \u2018hoogst ongelukkig\u2019 met demonstranten in \u2018zijn\u2019 toren<\/a><\/li>\n<li><a href=\"https:\/\/www.vice.com\/nl\/article\/ywawex\/het-klimaat-bevindt-zich-op-een-kantelpunt-dus-we-hebben-je-hulp-nodig\">20 september 2019 &#8211; Vice: Het klimaat bevindt zich op een kantelpunt, dus we hebben je hulp nodig<\/a><\/li>\n<li><a href=\"https:\/\/www.duurzaambedrijfsleven.nl\/retail\/32359\/amazon-staking-klimaat\">12 september 2019 &#8211; Duurzaam Bedrijfsleven: Werknemers Amazon sluiten zich aan bij staking voor klimaat<\/a><\/li>\n<li><a href=\"https:\/\/haarlemsweekblad.nl\/lokaal\/politiek\/wordt-haarlem-minder-ambitieus-duurzaamheidsprogramma-636291\">10 september 2019 &#8211; Haarlems Weekblad: Wordt Haarlem minder ambitieus in duurzaamheidsprogramma?<\/a><\/li>\n<li><a href=\"https:\/\/www.noordhollandsdagblad.nl\/cnt\/dmf20190907_21392908\/met-z-n-allen-voor-dood-liggen-op-schiphol-schot-in-de-roos?utm_source=google&amp;utm_medium=organic\">07 september 2019 &#8211; Noordhollands Dagblad: Met z\u2019n allen voor dood liggen op Schiphol schot in de roos<\/a><\/li>\n<li><a href=\"https:\/\/www.parool.nl\/amsterdam\/extinction-rebellion-gaat-die-in-houden-op-schiphol~b60dda79\/\">06 september 2019 &#8211; Het Parool: Extinction Rebellion gaat \u2018die-in\u2019 houden op Schiphol<\/a><\/li>\n<li><a href=\"https:\/\/m.haarlemsdagblad.nl\/cnt\/dmf20190905_96627423\/haarlemse-afdeling-van-klimaatactivistenclub-extinction-rebellion-nog-niet-zo-heel-rebels?utm_source=google&amp;utm_medium=organic\">05 september 2019 &#8211; Haarlems Dagblad: Haarlemse afdeling van klimaatactivistenclub Extinction Rebellion is nog niet zo heel rebels: \u2019Geen plannen ons ergens aan vast te lijmen en de kleding blijft ook aan\u2019<\/a><\/li>\n<li><a href=\"https:\/\/www.tubantia.nl\/enschede\/studenten-in-enschede-vallen-dood-neer-voor-klimaatverandering~a0566caf\/\">29 augustus 2019 &#8211; Tubantia: Studenten in Enschede vallen &#8216;dood\u2019 neer voor klimaatverandering<\/a><\/li>\n<li><a href=\"https:\/\/www.adformatie.nl\/gedragsverandering\/organisaties-actie-nederlandse-creatieve-industrie-klimaat\">28 augustus 2019 &#8211; Adformatie: Organisaties willen actie Nederlandse creatieve industrie rond klimaatcrisis<\/a><\/li>\n<li><a href=\"https:\/\/haarlemsweekblad.nl\/lokaal\/maatschappelijk\/klimaatactiegroep-extinction-rebellion-nu-ook-haarlem-actief-628842\">24 augustus 2019 &#8211; Haarlems Dagblad: Klimaatactiegroep Extinction Rebellion nu ook in Haarlem actief<\/a><\/li>\n<li><a href=\"https:\/\/www.rtlnieuws.nl\/editienl\/artikel\/4823731\/protesten-bosbranden-amazone-fridays-future-die-utrecht-amsterdam-den-haag\">23 augustus 2019 &#8211; RTL Nieuws: Op de grond liggen voor het klimaat: protesten tegen bosbranden Amazone<\/a><\/li>\n<li><a href=\"https:\/\/www.parool.nl\/amsterdam\/demonstratie-op-de-dam-voor-aandacht-natuurbranden-amazonegebied~bedb253d\/\">23 augustus 2019 &#8211; Het Parool: Demonstratie op de Dam voor aandacht natuurbranden Amazonegebied<\/a><\/li>\n<li><a href=\"http:\/\/www.dailystar.com.lb\/News\/World\/2019\/Aug-23\/490241-european-protest-held-over-amazon-fires.ashx\">23 augustus 2019 &#8211; The Daily Star: European protest held over Amazon fires<\/a><\/li>\n<li><a href=\"https:\/\/www.parool.nl\/amsterdam\/oprichter-extinction-rebellion-overtreed-de-wet-en-red-het-klimaat~b13f85ba\/\">12 augustus 2019 &#8211; Parool:\u00a0Oprichter Extinction Rebellion: \u2018Overtreed de wet en red het klimaat\u2019<\/a><\/li>\n<li><a href=\"https:\/\/www.ad.nl\/binnenland\/massaal-de-straat-op-anders-vallen-er-straks-zes-miljard-hongerdoden-we-re-fucked~a668e728\/\">12 augustus 2019 &#8211; AD:\u00a0\u2018Massaal de straat op anders vallen er straks zes miljard hongerdoden, we&#8217;re fucked!\u2019<\/a><\/li>\n<li><a href=\"https:\/\/frieschdagblad.nl\/2019\/8\/11\/klimaatvakantie-de-klimaatverandering-neemt-geen-vakantie?harvest_referrer=https:%2F%2Fwww.google.com%2F\">11 augustus 2019 &#8211; Friesch Dagblad:\u00a0Klimaatvakantie? De klimaatverandering neemt geen vakantie<\/a><\/li>\n<li><a href=\"https:\/\/www.vice.com\/nl\/article\/9kxep3\/zo-overtuig-je-je-ouders-om-radicale-klimaatstrijders-te-worden\">6 augustus 2019 &#8211; VICE:\u00a0Zo overtuig je je ouders om radicale klimaatstrijders te worden<\/a><\/li>\n<li><a href=\"https:\/\/www.duurzaamnieuws.nl\/co2-budget-helpt-effectief-om-klimaatdoelen-te-halen\/\">3 augustus 2019 &#8211; Duurzaam Nieuws:\u00a0CO2-budget helpt effectief om klimaatdoelen te halen<\/a><\/li>\n<li><a href=\"https:\/\/www.nrc.nl\/nieuws\/2019\/08\/03\/het-grote-smelten-a3969034\">3 augustus 2019 &#8211; NRC:\u00a0Het grote smelten<\/a><\/li>\n<li><a href=\"https:\/\/www.oneworld.nl\/powerswitch\/wat-jongeren-ons-over-het-klimaat-leren\/\">19 juli 2019 &#8211; OneWorld:\u00a0Wat jongeren ons over het klimaat leren<\/a><\/li>\n<li><a href=\"https:\/\/rn7.nl\/nieuws\/politie-haalt-klimaatactievoerders-uit-intocht-vierdaagse\">19 juli 2019 &#8211; RN7: Politie haalt klimaatactievoerders uit intocht vierdaagse<\/a><\/li>\n<li><a href=\"https:\/\/www.hartvannederland.nl\/nieuws\/2019\/politie-haalt-actiegroep-uit-intocht\/\">19 juli 2019 &#8211; Hart van Nederland:\u00a0Politie haalt actiegroep uit intocht<\/a><\/li>\n<li><a href=\"https:\/\/www.telegraaf.nl\/nieuws\/2113371380\/klimaatactiegroep-wilde-vierdaagse-intocht-kapen\">19 juli 2019 &#8211; De Telegraaf:\u00a0Klimaatactiegroep wilde Vierdaagse-intocht kapen<\/a><\/li>\n<li><a href=\"https:\/\/sleutelstad.nl\/2019\/07\/15\/duurzame-modeshow-extinction-rebellion-leiden-eindigt-met-die-in\/\">15 juli 2019 &#8211; Sleutelstad:\u00a0Duurzame modeshow Extinction Rebellion Leiden eindigt met \u2018die-in\u2019<\/a><\/li>\n<li><a href=\"https:\/\/www.trouw.nl\/duurzaamheid-natuur\/gaat-keiharde-klimaattaal-de-strijd-tegen-global-warming-beslissen~bead50e6\/\">13 juli 2019 &#8211; Trouw:\u00a0Gaat keiharde klimaattaal de strijd tegen global warming beslissen?<\/a><\/li>\n<li><a href=\"https:\/\/nos.nl\/artikel\/2293124-utrecht-roept-klimaat-noodtoestand-uit.html\">12 juli 2019 &#8211; NOS:\u00a0Utrecht roept &#8216;klimaat-noodtoestand&#8217; uit<\/a><\/li>\n<li><a href=\"https:\/\/www.parool.nl\/nederland\/ook-utrecht-roept-klimaatnoodtoestand-uit~bef8cee5\/\">12 juli 2019 &#8211; Het Parool:\u00a0Ook Utrecht roept klimaatnoodtoestand uit<\/a><\/li>\n<li><a href=\"https:\/\/www.nu.nl\/utrecht\/5964345\/gemeente-utrecht-roept-klimaatnoodtoestand-uit.html\">12 juli 2019 &#8211; NU.nl:\u00a0Gemeente Utrecht roept klimaatnoodtoestand uit<\/a><\/li>\n<li><a href=\"https:\/\/www.duic.nl\/politiek\/gemeente-utrecht-roept-klimaatnoodtoestand-uit\/\">12 juli 2019 &#8211; DUIC:\u00a0Gemeente Utrecht roept klimaatnoodtoestand uit<\/a><\/li>\n<li><a href=\"https:\/\/sleutelstad.nl\/2019\/07\/10\/zaterdag-13-juli-duurzame-modeshow-op-haarlemmerstraat\/\">10 juli 2019 &#8211; Sleutelstad:\u00a0Zaterdag 13 juli duurzame modeshow op Haarlemmerstraat<\/a><\/li>\n<li><a href=\"https:\/\/www.volkskrant.nl\/nieuws-achtergrond\/nog-een-traditie-die-onder-druk-staat-de-parlementaire-barbecue~b59305b7\/?referer=https%3A%2F%2Fwww.google.com%2F\">3 juli 2019 &#8211; De Volkskrant:\u00a0Nog een traditie die onder druk staat: de parlementaire barbecue<\/a><\/li>\n<li><a href=\"https:\/\/www.duic.nl\/algemeen\/klimaatdemonstranten-kleuren-utrechtse-binnenstad-blauw\/\">30 juni 2019 &#8211; DUIC:\u00a0Klimaatdemonstranten kleuren Utrechtse binnenstad blauw<\/a><\/li>\n<li><a href=\"https:\/\/www.trouw.nl\/binnenland\/geen-vernieling-maar-kunst-bij-utrechtse-klimaatactie~bce35bd3\/\">29 juni 2019 &#8211; Trouw:\u00a0Geen vernieling, maar kunst bij Utrechtse klimaatactie<\/a><\/li>\n<li><a href=\"https:\/\/www.trouw.nl\/duurzaamheid-natuur\/deze-klimaatwetenschapper-trekt-ten-strijde-tegen-de-klimaatonzin-van-baudet-trump-en-de-media~b8a7fb03\/?referer=https%3A%2F%2Fwww.google.com%2F\">29 juni 2019 &#8211; Trouw:\u00a0Deze klimaatwetenschapper trekt ten strijde tegen de klimaatonzin van Baudet, Trump en de media<\/a><\/li>\n<li><a href=\"https:\/\/nos.nl\/nieuwsuur\/artikel\/2290532-nctv-waarschuwing-voor-eco-protesten-verbaast-klimaatactivisten.html\">24 juni 2019 &#8211; Nieuwsuur:\u00a0NCTV-waarschuwing voor eco-protesten verbaast klimaatactivisten<\/a><\/li>\n<li><a href=\"https:\/\/www.gelderlander.nl\/utrecht\/dode-activisten-onder-bollendak-vragen-aandacht-voor-grote-klimaatmars-in-utrecht~addb466b\/\">22 juni 2019 &#8211; De Gelderlander:\u00a0\u2018Dode\u2019 activisten onder bollendak vragen aandacht voor grote klimaatmars in Utrecht<\/a><\/li>\n<li><a href=\"https:\/\/www.nrc.nl\/nieuws\/2019\/06\/21\/infiltratie-milieuorganisaties-bezorgd-over-werving-informanten-door-politie-a3964559\">21 juni 2019 &#8211; NRC:\u00a0Milieuorganisaties bezorgd over werving informanten door politie<\/a><\/li>\n<li><a href=\"https:\/\/www.duurzaamnieuws.nl\/amsterdam-eerste-gemeente-die-ecologische-en-klimaatcrisis-erkent\/\">20 juni 2019 &#8211; Duurzaam Nieuws:\u00a0Amsterdam eerste gemeente die ecologische en klimaatcrisis erkent<\/a><\/li>\n<li><a href=\"https:\/\/www.parool.nl\/amsterdam\/amsterdam-krijgt-klimaatklok-voor-co2-budget~bb7f5e64\/\">20 juni 2019 &#8211; Het Parool:\u00a0Amsterdam krijgt klimaatklok voor CO2-budget<\/a><\/li>\n<li><a href=\"https:\/\/www.nrc.nl\/nieuws\/2019\/06\/19\/waarom-wordt-iemand-informant-a3964182\">19 juni 2019 &#8211; NRC:\u00a0Waarom wordt iemand informant?<\/a><\/li>\n<li><a href=\"https:\/\/www.volkskrant.nl\/columns-opinie\/deze-nieuwe-generatie-gaat-het-bos-bezetten-als-het-moet~b629eda7\/\">17 juni 2019 &#8211; De Volkskrant:\u00a0Deze nieuwe generatie gaat het bos bezetten als het moet<\/a><\/li>\n<li><a href=\"https:\/\/www.deventerpost.nl\/nieuws\/algemeen\/749116\/meet-up-over-klimaatcrisis-in-bibliotheek-deventer\">17 juni 2019 &#8211; Deventer Post:\u00a0Meet-up over klimaatcrisis in bibliotheek Deventer<\/a><\/li>\n<li><a href=\"https:\/\/www.parool.nl\/amsterdam\/klimaatactivisten-houden-begrafenisstoet-door-de-stad~b2b56d2a\/\">16 juni 2019 &#8211; Parool:\u00a0Klimaatactivisten houden begrafenisstoet door de stad<\/a><\/li>\n<li><a href=\"https:\/\/www.nu.nl\/amsterdam\/5938959\/klimaatactivisten-houden-bootuitvaart-door-amsterdamse-grachten.html\">16 juni 2019 &#8211; NU.nl:\u00a0Klimaatactivisten houden bootuitvaart door Amsterdamse grachten<\/a><\/li>\n<li><a href=\"https:\/\/www.ad.nl\/video\/milieubeweging-rouwt-met-begrafenisstoet-om-klimaat~p86371\">16 juni 2019 &#8211; AD: Milieubeweging rouwt met &#8216;begrafenisstoet&#8217; om klimaat<\/a><\/li>\n<li><a href=\"https:\/\/www.at5.nl\/artikelen\/194826\/tientallen-activisten-lopen-begrafenisstoet-vanwege-klimaatontwrichting-in-de-stad\">16 juni 2019 &#8211; AT5:\u00a0Tientallen activisten lopen begrafenisstoet vanwege &#8216;klimaatontwrichting&#8217; in de stad<\/a><\/li>\n<li><a href=\"https:\/\/www.parool.nl\/amsterdam\/klimaatactivisten-organiseren-begrafenisstoet-over-de-grachten~b0a6ab7a\/\">13 juni 2019 &#8211; Het Parool:\u00a0Klimaatactivisten organiseren begrafenisstoet over de grachten<\/a><\/li>\n<li><a href=\"https:\/\/www.elsevierweekblad.nl\/nederland\/achtergrond\/2019\/06\/693233-693233\/\">13 juni 2019 &#8211; Elsevier:\u00a0\u2018Ik verwacht dat steeds meer demonstraties worden verboden\u2019<\/a><\/li>\n<li><a href=\"https:\/\/www.nrc.nl\/nieuws\/2019\/06\/12\/geen-losgeld-wel-uniek-materiaal-voor-fans-van-rockband-radiohead-a3963357\">12 juni 2019 &#8211; NRC:\u00a0Geen losgeld, wel uniek materiaal voor fans van rockband Radiohead<\/a><\/li>\n<li><a href=\"https:\/\/nos.nl\/artikel\/2288591-klimaatactivisten-verstoren-vergadering-tweede-kamer.html\">11 juni 2019 &#8211; NOS:\u00a0Klimaatactivisten verstoren vergadering Tweede Kamer<\/a><\/li>\n<li><a href=\"https:\/\/www.telegraaf.nl\/nieuws\/799717264\/activisten-verstoren-vergadering-tweede-kamer\">11 juni 2019 &#8211; De Telegraaf:\u00a0Activisten verstoren vergadering Tweede Kamer<\/a><\/li>\n<li><a href=\"https:\/\/www.telegraaf.nl\/video\/1880674585\/zo-worden-activisten-kamer-uitgegooid\">11 juni 2019 &#8211; De Telegraaf:\u00a0Zo worden activisten Kamer uitgegooid<\/a><\/li>\n<li><a href=\"https:\/\/www.telegraaf.nl\/nieuws\/218037329\/klimaatactivisten-uit-tweede-kamer-verwijderd\">11 juni 2019 &#8211; De Telegraaf:\u00a0Klimaatactivisten uit Tweede Kamer verwijderd<\/a><\/li>\n<li><a href=\"https:\/\/joop.bnnvara.nl\/nieuws\/extinct-rebellion-onderbreekt-kamerdebat-en-wordt-hardhandig-afgevoerd\">11 juni 2019 &#8211; Joop:\u00a0Extinction Rebellion onderbreekt Kamerdebat en wordt hardhandig afgevoerd<\/a><\/li>\n<li><a href=\"https:\/\/www.gids.tv\/video\/76354\/milieuactivisten-extinction-rebellion-verstoren-vergadering-tweede-kamer\">11 juni 2019 &#8211; Gids.TV:\u00a0Milieuactivisten Extinction Rebellion verstoren vergadering Tweede Kamer<\/a><\/li>\n<li><a href=\"https:\/\/www.volkskrant.nl\/nieuws-achtergrond\/blok-terughalen-is-kinderen-zet-geen-nieuwe-trend~b2c291dd\/\">11 juni 2019 &#8211; De Volkskrant:\u00a0Van de tribune verwijderd<\/a><\/li>\n<li><a href=\"https:\/\/www.ad.nl\/politiek\/klimaatdemonstranten-verstoren-vergadering-tweede-kamer-br~ab662e6d\/\">11 juni 2019 &#8211; AD:\u00a0Klimaatdemonstranten verstoren vergadering Tweede Kamer<\/a><\/li>\n<li><a href=\"https:\/\/www.hln.be\/nieuws\/buitenland\/activisten-verstoren-vergadering-nederlands-parlement-spandoeken-binnengesmokkeld-als-rokjes~a3e31411\/?referer=https%3A%2F%2Fnews.google.com%2F\">11 juni 2019 &#8211; Het Laatste Nieuws:\u00a0Activisten verstoren vergadering Nederlands parlement: spandoeken binnengesmokkeld als rokjes<\/a><\/li>\n<li><a href=\"https:\/\/www.hartvannederland.nl\/nieuws\/2019\/activisten-verstoren-vergadering-tweede-kamer-en-worden-letterlijk-weggesleept\/#1160015\">11 juni 2019 &#8211; Hart van Nederland:\u00a0Activisten verstoren vergadering Tweede Kamer en worden letterlijk weggesleept<\/a><\/li>\n<li><a href=\"https:\/\/www.rtlnieuws.nl\/nieuws\/politiek\/artikel\/4742581\/klimaatactivisten-hardhandig-afgevoerd-tweede-kamer\">11 juni 2019 &#8211; RTL Nieuws:\u00a0Klimaatactivisten hardhandig afgevoerd in Tweede Kamer<\/a><\/li>\n<li><a href=\"https:\/\/www.transport-online.nl\/site\/104301\/milieuactivisten-verstoren-vergadering-tweede-kamer\/\">11 juni 2019 &#8211; Transport Online:\u00a0Milieuactivisten verstoren vergadering Tweede Kamer<\/a><\/li>\n<li><a href=\"https:\/\/www.duurzaamnieuws.nl\/studenten-starten-campagne-tegen-invloed-shell-op-hun-universiteit\/\">11 juni 2019 &#8211; Duurzaam Nieuws:\u00a0Studenten willen minder Shell op hun universiteit<\/a><\/li>\n<li><a href=\"https:\/\/sargasso.nl\/klimaatnoodtoestand\/\">11 juni 2019 &#8211; Sargasso: Klimaatnoodtoestand<\/a><\/li>\n<li><a href=\"https:\/\/www.rtvoost.nl\/nieuws\/313789\/Liggend-protest-in-Enschede-om-aandacht-te-vragen-voor-klimaatcrisis?fbclid=IwAR34F1WCX0XMx4Otq7MgufiE1gnvOUwPawc0W5BLVKtSuLKw67CLZw5jFXU\">8 juni 2019 &#8211; RTV Oost:\u00a0Liggend protest in Enschede om aandacht te vragen voor klimaatcrisis<\/a><\/li>\n<li><a href=\"https:\/\/www.groene.nl\/artikel\/ja-de-strijd-verhardt?fbclid=IwAR3uFy8i15PG43vOS8YGmHYI1VyQIcVLM9sQs6259fpbcXniHRpgJEdXYRU\">5 juni 2019 &#8211; De Groene Amsterdammer:\u00a0Rebelleren tegen de opwarming<\/a><\/li>\n<li><a href=\"https:\/\/www.krapuul.nl\/blog\/2738445\/een-open-brief-aan-de-inlichtingendienst-van-de-politie\/\">5 juni 2019 &#8211; Krapuul:\u00a0Een open brief aan de inlichtingendienst van de politie<\/a><\/li>\n<li><a href=\"https:\/\/www.denhaagfossielvrij.nl\/2019\/06\/05\/inlichtingendienst-stop-je-intimiderende-bezoekjes\/\">5 juni 2019 &#8211; Den Haag Fossielvrij:\u00a0Inlichtingendienst: stop je intimiderende bezoekjes<\/a><\/li>\n<li><a href=\"https:\/\/www.nrc.nl\/nieuws\/2019\/06\/04\/inlichtingendienst-stop-je-intimiderende-bezoekjes-a3962612\">4 juni 2019 &#8211; NRC:\u00a0Inlichtingendiensten: stop je intimiderende bezoekjes<\/a><\/li>\n<li><a href=\"https:\/\/www.nrc.nl\/nieuws\/2019\/06\/04\/hoe-de-politie-informanten-werft-onder-klimaatactivisten-a3962613\">4 juni 2019 &#8211; NRC:\u00a0Hoe de politie informanten werft onder klimaatactivisten<\/a><\/li>\n<li><a href=\"https:\/\/www.groene.nl\/artikel\/polly-higgins-4-juli-1968-21-april-2019\">29 mei 2019 &#8211; De Groene Amsterdammer:\u00a0Polly Higgins (4 juli 1968 \u2013 21 april 2019)<\/a><\/li>\n<li><a href=\"https:\/\/www.duic.nl\/algemeen\/protest-tegen-wapenhandel-kromhoutkazerne\/\">24 mei 2019 &#8211; DUIC:\u00a0Protest bij Kromhoutkazerne tegen wapenhandel<\/a><\/li>\n<li><a href=\"https:\/\/www.utoday.nl\/news\/66985\/ut-students-plan-to-rebel-for-life\">20 mei 2019 &#8211; U today:\u00a0UT students plan to rebel for life<\/a><\/li>\n<li><a href=\"https:\/\/nos.nl\/artikel\/2285387-confetti-en-olifantenmaskers-klimaatactivisten-verstoren-belgisch-tv-debat.html\">19 mei 2019 &#8211; NOS:\u00a0Confetti en olifantenmaskers: klimaatactivisten verstoren Belgisch tv-debat<\/a><\/li>\n<li><a href=\"https:\/\/www.ad.nl\/buitenland\/klimaatactivisten-verstoren-uitzending-belgische-tv-met-confettiregen~a40e09dd\/\">19 mei 2019 &#8211; AD:\u00a0Klimaatactivisten verstoren uitzending Belgische tv met confettiregen<\/a><\/li>\n<li><a href=\"https:\/\/www.gelderlander.nl\/wageningen\/er-sluiten-steeds-meer-mensen-aan-bij-de-klimaatmars-in-wageningen~ad951fbf\/\">17 mei 2019 &#8211; De Gelderlander:\u00a0Er sluiten steeds meer mensen aan bij de klimaatmars in Wageningen<\/a><\/li>\n<li><a href=\"https:\/\/news.globallandscapesforum.org\/35500\/landscape-restoration-expensive-exhausting-essential\/\">16 mei 2019 &#8211; Landscape News:\u00a0Landscape restoration expensive, exhausting \u2013 essential<\/a><\/li>\n<li><a href=\"https:\/\/www.gelderlander.nl\/wageningen\/klimaatmars-trekt-vrijdag-door-wageningen~a2fdf140\/?fbclid=IwAR0gBC_-N9l5AUphrHrDuUiGlJwTaqr3CuD6ZxuS83sKfB-c_Z-lKJfNx3I\">13 mei 2019 &#8211; De Gelderlander:\u00a0Klimaatmars trekt vrijdag door Wageningen<\/a><\/li>\n<li><a href=\"https:\/\/www.dvhn.nl\/groningen\/Milieuactivitisten-lopen-protestmars-door-Groningen-voor-beter-klimaatbeleid-24447741.html\">12 mei 2019 &#8211; Dagblad van het Noorden:\u00a0Milieuactivisten lopen protestmars door Groningen voor beter klimaatbeleid<\/a><\/li>\n<li><a href=\"https:\/\/www.parool.nl\/nederland\/klimaatprotesten-in-meerdere-steden~b34d559c\/?fbclid=IwAR3a2wtxQDMhBfBzXFS4kwk82sMH-Ccuu3RTtgvu0rUQ0uWzpEteL8WY46M\">11 mei 2019 &#8211; Parool:\u00a0Klimaatprotesten in meerdere steden<\/a><\/li>\n<li><a href=\"https:\/\/www.hartvannederland.nl\/nieuws\/2019\/demonstranten-in-actie-voor-het-klimaat-en-tegen-dierenmisbruik\/\">11 mei 2019 &#8211; Hart van Nederland: Demonstranten in actie v\u00f3\u00f3r het klimaat en t\u00e9gen dierenmisbruik<\/a><\/li>\n<li><a href=\"https:\/\/hoogenlaag.nl\/deel-je-nieuws-activiteit\/klimaatmars-wageningen-op-17-mei-2019-590650\">09 mei 2019 &#8211; Hoog en Laag.nl:\u00a0Klimaatmars Wageningen op 17 mei 2019<\/a><\/li>\n<li><a href=\"https:\/\/www.krapuul.nl\/politiek-blog\/lokaal-blog\/2737603\/bij1-vraagt-steun-voor-extinction-rebellion-in-amsterdamse-raad\/\">09 mei 2019 &#8211; Krapuul:\u00a0BIJ1 vraagt steun voor Extinction Rebellion in Amsterdamse raad<\/a><\/li>\n<li><a href=\"https:\/\/www.at5.nl\/artikelen\/193660\/sylvana-simons-wil-spoeddebat-over-ecologische-ramp-die-zijn-weerga-niet-kent\">30 april 2019 &#8211; AT5:\u00a0Sylvana Simons wil spoeddebat over &#8216;ecologische ramp die zijn weerga niet kent&#8217;<\/a><\/li>\n<li><a href=\"https:\/\/www.telegraaf.nl\/nieuws\/3508265\/demonstrant-krijgt-ruim-baan-op-koningsdag?fbclid=IwAR1fkD3qDbyGherCPyhhcL5NhOedD8beGm3lpEPgWAFvlWzbMjBbRc9xww8\">29 april 2019 &#8211; De Telegraaf:\u00a0Demonstrant krijgt ruim baan op Koningsdag<\/a><\/li>\n<li><a href=\"https:\/\/destadamersfoort.nl\/lokaal\/kamervragen-over-protestactie-extinction-rebellion-585163\">29 april 2019 &#8211; De Stad Amersfoort.nl:\u00a0Kamervragen over protestactie Extinction Rebellion<\/a><\/li>\n<li><a href=\"https:\/\/www.ad.nl\/amersfoort\/pvv-woest-over-klimaatdemonstratie-tijdens-koninklijk-bezoek-aan-amersfoort~a013a092\/\">29 april 2019 &#8211; AD:\u00a0PVV woest over klimaatdemonstratie tijdens koninklijk bezoek aan Amersfoort<\/a><\/li>\n<li><a href=\"https:\/\/www.ad.nl\/amersfoort\/stad-kleurt-oranje-en-blauw~a493a52a\/\">28 april 2019 &#8211; AD:\u00a0Stad kleurt oranje \u00e9n blauw<\/a><\/li>\n<li><a href=\"https:\/\/www.geenstijl.nl\/5147395\/klimaatgekkies-goed-geregisseerd-door-nos\/\">28 april 2019 &#8211; GeenStijl:\u00a0Klimaatgekkies goed geregisseerd door NOS<\/a><\/li>\n<li><a href=\"https:\/\/www.volkskrant.nl\/cultuur-media\/niets-is-zo-fascinerend-als-de-stadssafari-van-de-oranjes-een-garantie-voor-kneuterigheid-en-ongemak~bfea33b6\/\">28 april 2019 &#8211; de Volkskrant:\u00a0Niets is zo fascinerend als de stadssafari van de Oranjes: een garantie voor kneuterigheid en ongemak<\/a><\/li>\n<li><a href=\"https:\/\/nos.nl\/video\/2282287-klimaatdemonstranten-springen-in-de-eem.html\">27 april 2019 &#8211; NOS:\u00a0Klimaatdemonstranten springen in de Eem<\/a><\/li>\n<li><a href=\"https:\/\/www.ad.nl\/amersfoort\/klimaatactivisten-springen-voor-de-ogen-van-koning-de-eem-in~a7b60096\/\">27 april 2019 &#8211; AD:\u00a0Klimaatactivisten springen voor de ogen van koning de Eem in<\/a><\/li>\n<li><a href=\"https:\/\/www.vorsten.nl\/2019\/04\/27\/klimaatactivisten-op-de-kade-in-amersfoort\/\">27 april 2019 &#8211; Vorsten: Klimaatactivisten op de kade in Amersfoort\u00a0<\/a><\/li>\n<li><a href=\"http:\/\/www.lefigaro.fr\/flash-actu\/en-images-climat-des-activistes-d-extinction-rebellion-se-jettent-dans-un-canal-20190427\">27 april 2019 &#8211; Le Figaro:\u00a0Climat: des activistes d&#8217;Extinction Rebellion se jettent dans un canal<\/a><\/li>\n<li><a href=\"https:\/\/m.gooieneemlander.nl\/cnt\/dmf20190427_94230193\/klimaatactivisten-op-de-kade-in-amersfoort?utm_source=google&amp;utm_medium=organic\">27 april 2019 &#8211; De Gooi en Eemlander:\u00a0Klimaatactivisten op de kade in Amersfoort<\/a><\/li>\n<li><a href=\"https:\/\/www.31mag.nl\/koningdag-senza-incidenti-bagno-nel-canale-degli-ecologisti-di-extinction-rebellion-al-passaggio-del-re\/\">27 april 2019 &#8211; +31MAG:\u00a0Koningdag senza incidenti, \u201cbagno nel canale\u201d degli ecologisti di Extinction Rebellion al passaggio del re<\/a><\/li>\n<li><a href=\"https:\/\/www.rtvutrecht.nl\/nieuws\/1908415\/klimaatactivisten-op-de-kade-in-amersfoort.html\">27 april 2019 &#8211; RTV Utrecht:\u00a0Klimaatactivisten op de kade in Amersfoort<\/a><\/li>\n<li><a href=\"https:\/\/capelsdagblad.nl\/Algemeen\/jarige-koning-en-groot-wij-gevoel\">27 april 2019 &#8211; Capels Dagblad:\u00a0Jarige Koning: E\u00e9n groot wij-gevoel<\/a><\/li>\n<li><a href=\"https:\/\/destadamersfoort.nl\/koningsdag\/extinction-rebellion-springt-de-gracht-voor-klimaat-584693\">27 april 2019 &#8211; De Stad Amersfoort:\u00a0Extinction Rebellion springt in de gracht voor klimaat<\/a><\/li>\n<li><a href=\"https:\/\/www.nu.nl\/algemeen\/5863437\/lintjesregen-activisten-blokkeren-amsterdamse-wegen.html\">26 april 2019 &#8211; NU.nl in Beeld:\u00a0Activisten blokkeren Amsterdamse wegen<\/a><\/li>\n<li><a href=\"https:\/\/www.telegraaf.nl\/video\/3499026\/beelden-klimaatblokkeerders-slaan-toe-in-amsterdam\">26 april 2019 &#8211; De Telegraaf: Beelden: Klimaatblokkeerders slaan toe in Amsterdam<\/a><\/li>\n<li><a href=\"https:\/\/joop.bnnvara.nl\/nieuws\/extinction-rebellion-burgerlijke-ongehoorzaamheid-in-de-geest-van-ghandi-en-mlk\">26 april 2019 &#8211; JOOP:\u00a0Extinction Rebellion: burgerlijke ongehoorzaamheid in de geest van Ghandi en MLK<\/a><\/li>\n<li><a href=\"https:\/\/www.lc.nl\/binnenland\/Klimaatactivisten-voerden-actie-in-Amsterdam-24397628.html\">26 april 2019 &#8211; Leeuwarder Courant:\u00a0Klimaatactivisten voerden actie in Amsterdam<\/a><\/li>\n<li><a href=\"https:\/\/www.nu.nl\/amsterdam\/5862528\/klimaatactivisten-blokkeren-ochtendspits-in-straten-van-amsterdam.html\">26 april 2019 &#8211; NU.nl:\u00a0Klimaatactivisten blokkeren ochtendspits in straten van Amsterdam<\/a><\/li>\n<li><a href=\"https:\/\/www.bnr.nl\/nieuws\/duurzaamheid\/10376337\/klimaatactivisten-blokkeren-verkeer\">26 april 2019 &#8211; BNR:\u00a0KLIMAATACTIVISTEN AMSTERDAM BLOKKEREN VERKEER<\/a><\/li>\n<li><a href=\"https:\/\/www.tellerreport.com\/news\/--police-arrest-six-climate-activists-blocking-the-roundabout-in-maastricht-.SJqIiDli4.html\">26 april 2019 &#8211; Tellerreport:\u00a0Police arrest six climate activists blocking the roundabout in Maastricht<\/a><\/li>\n<li><a href=\"https:\/\/www.limburger.nl\/cnt\/dmf20190426_00102876\/zes-actievoerders-opgepakt-bij-klimaatactie-in-maastricht\">26 april 2019 &#8211; De Limburger: Zes actievoerders opgepakt bij klimaatactie in Maastricht<\/a><\/li>\n<li><a href=\"https:\/\/www.nu.nl\/binnenland\/5863242\/politie-pakt-zes-klimaatactivisten-op-die-rotonde-blokkeren-in-maastricht.html?fbclid=IwAR01lxf2vU3vBoozT55I1SnVkoy4JlXM4ijYYdq5WkloEi_Q_zfzAmd6zOk\">26 april 2019 &#8211; NU.nl:\u00a0Politie pakt zes klimaatactivisten op die rotonde blokkeren in Maastricht<\/a><\/li>\n<li><a href=\"https:\/\/www.1limburg.nl\/klimaatactievoerders-opgepakt-wegens-hinderen-verkeer?context=section-1\">26 april 2019 &#8211; 1Limburg:\u00a0Klimaatactievoerders opgepakt wegens hinderen verkeer<\/a><\/li>\n<li><a href=\"https:\/\/www.parool.nl\/amsterdam\/wie-zijn-die-activisten-van-extinction-rebellion~a4626610\/\">26 april 2019 &#8211; Het Parool: Wie zijn die activisten van Extinction Rebellion?\u00a0<\/a><\/li>\n<li><a href=\"https:\/\/www.rtlnieuws.nl\/editienl\/artikel\/4691351\/wie-zijn-de-klimaatactivisten-die-het-verkeer-amsterdam-vanmorgen\">26 april 2019 &#8211; RTL Nieuws:\u00a0Verkeer Amsterdam ontregeld door klimaatactivisten: wie zijn deze mensen?<\/a><\/li>\n<li><a href=\"https:\/\/www.elsevierweekblad.nl\/nederland\/achtergrond\/2019\/04\/wegen-blokkeren-voor-het-klimaat-wie-zitten-achter-extinction-rebellion-685329\/\">26 april 2019 &#8211; Elsevier Weekblad:\u00a0Wegen blokkeren \u2018voor het klimaat\u2019: wie zitten achter Extinction Rebellion?<\/a><\/li>\n<li><a href=\"https:\/\/www.hartvannederland.nl\/nieuws\/2019\/klimaatactivisten-blokkeren-straten-amsterdam\/\">26 april 2019 &#8211; Hart van Nederland:\u00a0Klimaatactivisten voerden actie in Amsterdam<\/a><\/li>\n<li><a href=\"https:\/\/www.telegraaf.nl\/nieuws\/3498925\/klimaatactivisten-voerden-actie-in-amsterdam\">26 april 2019 &#8211; De Telegraaf:\u00a0Klimaatactivisten voerden actie in Amsterdam<\/a><\/li>\n<li><a href=\"https:\/\/www.nhnieuws.nl\/nieuws\/244750\/klimaatactivisten-ontregelen-ochtendspits-met-zwermblokkades-in-amsterdam\">26 april 2019 &#8211; NH Nieuws:Klimaatactivisten ontregelen ochtendspits met &#8216;zwermblokkades&#8217; in Amsterdam<\/a><\/li>\n<li><a href=\"https:\/\/panorama.nl\/nieuws\/binnenland\/klimaatactivisten-blokkeren-straten-amsterdam\">26 april 2019 &#8211; Panorama:\u00a0Klimaatactivisten blokkeren straten Amsterdam<\/a><\/li>\n<li><a href=\"https:\/\/nieuws.nl\/algemeen\/20190426\/klimaatactivisten-blokkeren-straten-amsterdam\/\">26 april 2019 &#8211; NieuwsNL:\u00a0Klimaatactivisten voerden actie in Amsterdam<\/a><\/li>\n<li><a href=\"https:\/\/tpo.nl\/2019\/04\/26\/drammende-millennials-leggen-lieve-stad-plat-veroorzaken-meer-uitlaatgas\/\">26 april 2019 &#8211; The Post Online:\u00a0Drammende millennials leggen Lieve Stad plat, veroorzaken meer uitlaatgas<\/a><\/li>\n<li><a href=\"https:\/\/www.geenstijl.nl\/5147368\/live-klimaatactivisten-ontregelen-amsterdam\/\">26 april 2019 &#8211; GeenStijl:\u00a0LIVE! Klimaatactivisten ONTREGELEN Amsterdam<\/a><\/li>\n<li><a href=\"https:\/\/www.vpro.nl\/programmas\/tegenlicht\/lees\/bijlagen\/2018-2019\/Waarom-het-verkeer-in-Amsterdam-morgen-platligt.html\">25 april 2019 &#8211; TegenLicht:\u00a0Waarom het verkeer in Amsterdam morgen platligt<\/a><\/li>\n<li><a href=\"https:\/\/www.trouw.nl\/groen\/studenten-volgen-nu-pas-het-voorbeeld-van-de-scholieren-ze-spijbelen-voor-het-klimaat~a741a7d3\/\">25 april 2019 &#8211; Trouw:\u00a0Studenten volgen (nu pas) het voorbeeld van de scholieren: ze spijbelen voor het klimaat<\/a><\/li>\n<li><a href=\"https:\/\/www.ad.nl\/buitenland\/rebellerende-britse-klimaatopa-83-klimt-op-trein-en-wordt-weer-gearresteerd~a301672b\/\">25 april 2019 &#8211; AD: Rebellerende Britse klimaatopa (83) klimt op trein en wordt w\u00e9\u00e9r gearresteerd<\/a><\/li>\n<li><a href=\"https:\/\/www.dvhn.nl\/groningen\/Klimaatactivisten-verlaten-na-ochtend-actievoeren-de-stoep-van-hoofdkantoor-GasTerra-in-Groningen-24390761.html?harvest_referrer=https:\/\/www.google.nl\/url?sa=t&amp;rct=j&amp;q=&amp;esrc=s&amp;source=newssearch&amp;cd=1&amp;cad=rja&amp;uact=8&amp;ved=0ahUKEwjFoIzQlujhAhVHjqQKHTi7ClkQu4gBCCgoAzAA&amp;url=https%253A%252F%252Fwww.dvhn.nl%252Fgroningen%252FKlimaatactivisten-ketenen-zich-vast-aan-hoofdkantoor-GasTerra-in-Groningen-24390761.html&amp;usg=AOvVaw3aVTZ8kl4bBLI_gBf0iVM-\">24 april 2019 &#8211; Dagblad van het Noorden:\u00a0Klimaatactivisten verlaten na ochtend actievoeren de stoep van hoofdkantoor GasTerra in Groningen<\/a><\/li>\n<li><a href=\"https:\/\/www.rtvnoord.nl\/nieuws\/207661\/Actie-bij-gebouw-GasTerra-in-Stad-is-beeindigd-update\">24 april 2019 &#8211; RTV Noord:\u00a0Actie bij gebouw GasTerra in Stad is be\u00ebindigd (update)<\/a><\/li>\n<li><a href=\"https:\/\/www.youtube.com\/watch?v=9AgP6LW-ah8\">24 april 2019 &#8211; RTV OOG:\u00a0Actievoerders ketenen zich vast aan GasTerra<\/a><\/li>\n<li><a href=\"https:\/\/www.rtvnoord.nl\/media\/88890\/Actievoerders-GasTerra-Dit-is-het-begin-van-de-rebellie\">24 april 2019 &#8211; RTV Noord:\u00a0Actievoerders GasTerra: &#8216;Dit is het begin van de rebellie&#8217;<\/a><\/li>\n<li><a href=\"https:\/\/www.telegraaf.nl\/nieuws\/3487135\/blokkadeactie-klimaatbetogers-in-groningen\">24 april 2019 &#8211; De Telegraaf:\u00a0Blokkadeactie klimaatbetogers in Groningen<\/a><\/li>\n<li><a href=\"https:\/\/gezinsbode.nl\/artikel\/1011612\/actievoerders-ketenen-zich-vast-aan-gebouw-gasterra-in-groningen.html?harvest_referrer=https%3A%2F%2Fwww.google.nl%2Furl%3Fsa%3Dt%26rct%3Dj%26q%3D%26esrc%3Ds%26source%3Dnewssearch%26cd%3D1%26cad%3Drja%26uact%3D8%26ved%3D0ahUKEwjh2P60oujhAhXGC-wKHTVuBTQQu4gBCCcoAjAA%26url%3Dhttps%253A%252F%252Fgezinsbode.nl%252Fartikel%252F1011612%252Factievoerders-ketenen-zich-vast-aan-gebouw-gasterra-in-groningen.html%26usg%3DAOvVaw0xHAYQiKBNF6wRxLm-mn2X\">24 april 2019 &#8211; Groninger Gezinsbode:\u00a0Actievoerders ketenen zich vast aan gebouw GasTerra in Groningen<\/a><\/li>\n<li><a href=\"https:\/\/www.gic.nl\/nieuws\/klimaatactivisten-ketenen-zich-vast-aan-hoofdkantoor-gasterra\">24 april 2019 &#8211; Groninger Internet Courant:\u00a0Klimaatactivisten ketenen zich vast aan hoofdkantoor GasTerra<\/a><\/li>\n<li><a href=\"https:\/\/www.hartvannederland.nl\/nieuws\/2019\/blokkadeactie-klimaatbetogers-in-groningen\/\">24 april 2019 &#8211; Hart van Nederland:\u00a0Blokkadeactie klimaatbetogers in Groningen<\/a><\/li>\n<li><a href=\"https:\/\/www.oogtv.nl\/2019\/04\/actievoerders-ketenen-zich-vast-aan-gasterra\/\">24 april 2019 &#8211; OOG Omroep Groningen:\u00a0Actievoerders ketenen zich vast aan GasTerra (update)<\/a><\/li>\n<li><a href=\"https:\/\/www.nu.nl\/groningen\/5858589\/klimaatactivisten-weer-vertrokken-na-vastketenen-bij-gasterra-centrum.html?redirect=1\">24 april 2019 &#8211; NU.nl: Klimaatactivisten weer vertrokken na vastketenen bij GasTerra centrum<\/a><\/li>\n<li><a href=\"https:\/\/www.trouw.nl\/groen\/de-openbare-orde-verstoren-is-voor-actiegroep-extinction-rebellion-de-enige-manier~af258c5a\/\">23 april 2019 &#8211; Trouw:\u00a0De openbare orde verstoren is voor actiegroep Extinction Rebellion de enige manier<\/a><\/li>\n<li><a href=\"https:\/\/www.stadsbladutrecht.nl\/nieuws\/algemeen\/701591\/extinction-rebellion-utrechtse-studenten-die-in\">23 april 2019 &#8211; Stadsblad Utrecht:\u00a0Extinction Rebellion Utrechtse Studenten Die-In<\/a><\/li>\n<li><a href=\"https:\/\/www.gelrenieuws.nl\/2019\/04\/klimaatdemonstratie-bij-intratuin-en-ikea-duiven.html\">22 april 2019 &#8211; GelreNieuws:\u00a0Klimaatdemonstratie bij Intratuin en IKEA Duiven<\/a><\/li>\n<li><a href=\"https:\/\/www.gelderlander.nl\/duiven\/demonstratie-in-duiven-om-aandacht-voor-klimaatverandering-te-vragen~a0fa44f8\/\">22 april 2019 &#8211; De Gelderlander:\u00a0Demonstratie in Duiven om aandacht voor klimaatverandering te vragen<\/a><\/li>\n<li><a href=\"https:\/\/www.gelderlander.nl\/buitenland\/klimaatactivisten-bezetten-londen-ruim-800-aanhoudingen~a7618d8c\/\">21 april 2019 &#8211; De Gelderlander:\u00a0Klimaatactivisten bezetten Londen, ruim 800 aanhoudingen<\/a><\/li>\n<li><a href=\"https:\/\/www.ad.nl\/rotterdam\/rotterdam-decor-van-demonstraties-toen-het-forum-de-verkiezingen-won-werd-ik-een-beetje-boos~a50dc245\/\">20 april 2019 &#8211; AD:\u00a0Rotterdam decor van demonstraties: \u2018Toen het Forum de verkiezingen won, werd ik een beetje boos\u2019<\/a><\/li>\n<li><a href=\"https:\/\/joop.bnnvara.nl\/nieuws\/extinction-rebellion-mobiliseert-verzet-tegen-klimaatramp\">20 april 2019 &#8211; JOOP:\u00a0Extinction Rebellion mobiliseert verzet tegen klimaatramp<\/a><\/li>\n<li><a href=\"https:\/\/www.rijnmond.nl\/nieuws\/180830\/Klimaatdemonstraties-in-Rotterdam\">20 april 2019 &#8211; RTV Rijnmond:\u00a0Klimaatdemonstraties in Rotterdam<\/a><\/li>\n<li><a href=\"https:\/\/edition.cnn.com\/2019\/04\/20\/world\/extinction-rebellion-climate-protests\/index.html?no-st=1555848588\">20 april 2019 &#8211; CNN:\u00a0Climate protests this week caused major disruption. That was the point.<\/a><\/li>\n<li><a href=\"https:\/\/www.parool.nl\/amsterdam\/demonstranten-shell-kantoor-opgepakt~a4626307\/\">19 april 2019 &#8211; Het Parool:\u00a0Demonstranten Shell-kantoor mogen naar huis<\/a><\/li>\n<li><a href=\"https:\/\/www.telegraaf.nl\/nieuws\/3470263\/demonstranten-shell-kantoor-mogen-naar-huis\">19 april 2019 &#8211; De Telegraaf:\u00a0Demonstranten Shell-kantoor mogen naar huis<\/a><\/li>\n<li><a href=\"https:\/\/www.noordhollandsdagblad.nl\/cnt\/dmf20190419_79511192\/demonstranten-shell-kantoor-opgepakt?utm_source=google&amp;utm_medium=organic\">19 april 2019 &#8211; Noordhollands Dagblad:\u00a0Demonstranten Shell-kantoor mogen naar huis<\/a><\/li>\n<li><a href=\"https:\/\/www.nd.nl\/nieuws\/actueel\/binnenland\/demonstranten-shell-kantoor-mogen-naar-huis.3350619.lynkx\">19 april 2019 &#8211; Nederlands Dagblad:\u00a0Demonstranten Shell-kantoor mogen naar huis<\/a><\/li>\n<li><a href=\"https:\/\/www.hartvannederland.nl\/nieuws\/2019\/klimaatprotest-bij-haags-kantoor-shell\/\">19 april 2019 &#8211; Hart van Nederland: Demonstranten Shell-kantoor mogen naar huis\u00a0<\/a><\/li>\n<li><a href=\"https:\/\/nieuws.nl\/algemeen\/20190419\/klimaatprotest-bij-haags-kantoor-shell\/\">19 april 2019 &#8211; Nieuws.nl:\u00a0Demonstranten Shell-kantoor mogen naar huis<\/a><\/li>\n<li><a href=\"https:\/\/www.nu.nl\/binnenland\/5852331\/twintig-demonstranten-bij-haags-hoofdkantoor-shell-gearresteerd.html?redirect=1\">19 april 2019 &#8211; NU.nl:\u00a0Twintig demonstranten bij Haags hoofdkantoor Shell gearresteerd<\/a><\/li>\n<li><a href=\"https:\/\/www.globalinfo.nl\/Nieuws\/activisten-van-extinction-rebellion-blokkeren-de-hoofdingang-van-shell-international\">19 april 2019 &#8211; Global Info:\u00a0Activisten van Extinction Rebellion blokkeren de hoofdingang van Shell International<\/a><\/li>\n<li><a href=\"https:\/\/www.telegraaf.nl\/financieel\/3469870\/demonstranten-shell-kantoor-opgepakt\">19 april 2019 &#8211; De Telegraaf:\u00a0Demonstranten Shell-kantoor opgepakt<\/a><\/li>\n<li><a href=\"https:\/\/tpo.nl\/2019\/04\/19\/klimaatdrammers-lijmen-zich-vast-bij-ingang-shell-willen-ingang-bezetten\/\">19 april 2019 &#8211; The Post Online:\u00a0Klimaatdrammers lijmen zich vast bij ingang Shell, willen ingang \u2018bezetten\u2019<\/a><\/li>\n<li><a href=\"https:\/\/www.welingelichtekringen.nl\/anp\/klimaatprotest-bij-haags-kantoor-shell\">19 april 2019 &#8211; Welingelichte kringen.nl:\u00a0Klimaatprotest bij Haags kantoor Shell<\/a><\/li>\n<li><a href=\"https:\/\/denhaagfm.nl\/2019\/04\/19\/20-demonstranten-aangehouden-bij-hoofdkantoor-shell\/\">19 april 2019 &#8211; Den Haag FM: 20 demonstranten aangehouden bij hoofdkantoor Shell<\/a><\/li>\n<li><a href=\"https:\/\/www.omroepwest.nl\/nieuws\/3824545\/Klimaatactivisten-opgepakt-na-demonstratie-bij-hoofdkantoor-Shell\">19 april 2019 &#8211; Omroep West:\u00a0Klimaatactivisten opgepakt na demonstratie bij hoofdkantoor Shell<\/a><\/li>\n<li><a href=\"https:\/\/nl.investing.com\/news\/stock-market-news\/demonstranten-shellkantoor-opgepakt-120564\">19 april 2019 &#8211; Investing.com:\u00a0Demonstranten Shell-kantoor opgepakt<\/a><\/li>\n<li><a href=\"https:\/\/www.beurs.nl\/nieuws\/binnenland\/7041244\/demonstranten-shell-kantoor-opgepakt\/?utm_source=dlvr.it&amp;utm_medium=twitter\">19 april 2019 &#8211; Beurs.nl:\u00a0Demonstranten Shell-kantoor opgepakt<\/a><\/li>\n<li><a href=\"https:\/\/nltimes.nl\/2019\/04\/19\/20-arrested-protest-shell-headquarters\">19 april 2019 &#8211; NLTimes.nl:\u00a020 ARRESTED DURING PROTEST AT SHELL HEADQUARTERS<\/a><\/li>\n<li><a href=\"https:\/\/www.globalinfo.nl\/Nieuws\/activisten-van-extinction-rebellion-blokkeren-de-hoofdingang-van-shell-international\">19 april 2019 &#8211; Globalinfo:Activisten van Extinction Rebellion blokkeren de hoofdingang van Shell International<\/a><\/li>\n<li><a href=\"https:\/\/www.nu.nl\/den-haag\/5852205\/tientallen-klimaatactivisten-demonstreren-bij-haags-kantoor-shell.html\">19 april 2019 &#8211; NU.nl:\u00a0Tientallen klimaatactivisten demonstreren bij Haags kantoor Shell<\/a><\/li>\n<li><a href=\"https:\/\/www.ad.nl\/den-haag\/klimaatactivisten-opgepakt-om-vernielingen-bij-hoofdkantoor-shell~a6165768\/\">19 april 2019 &#8211; AD:\u00a0Klimaatactivisten opgepakt om vernielingen bij hoofdkantoor Shell<\/a><\/li>\n<li><a href=\"https:\/\/www.finanzen.nl\/aandelen\/nieuws\/Demonstranten-Shell-kantoor-opgepakt-1028123742\">19 april 2019 &#8211; Finanzen.nl:\u00a0Demonstranten Shell-kantoor opgepakt<\/a><\/li>\n<li><a href=\"https:\/\/www.krapuul.nl\/blog\/2736938\/extinction-rebellion-amsterdam-houdt-die-in-op-uva-als-onderdeel-van-nationale-actie\/\">19 april 2019 &#8211; Krapuul:\u00a0Extinction Rebellion Amsterdam houdt die-in op UvA als onderdeel van nationale actie<\/a><\/li>\n<li><a href=\"https:\/\/www.dvhn.nl\/groningen\/Klimaatdemonstranten-betogen-op-trappen-van-Academiegebouw-in-Groningen-24379656.html\">19 april 2019 &#8211; Dagblad van het Noorden:\u00a0Klimaatdemonstranten betogen op trappen van Academiegebouw in Groningen<\/a><\/li>\n<li><a href=\"https:\/\/www.rtvmaastricht.nl\/nieuws\/145103549\/aandacht-voor-klimaat-studenten-voor-dood-op-de-markt\">19 april 2019 &#8211; RTV Maastricht:\u00a0Aandacht voor klimaat: studenten voor &#8216;dood&#8217; op de Markt<\/a><\/li>\n<li><a href=\"https:\/\/www.nrc.nl\/nieuws\/2019\/04\/17\/londen-platleggen-voor-het-klimaat-a3957343\">17 april 2019 &#8211; NRC:\u00a0Extinction Rebellion legt Londen plat voor het klimaat<\/a><\/li>\n<li><a href=\"https:\/\/www.openrotterdam.nl\/rouwstoet-voor-de-toekomst-van-rotterdam\/content\/item?1129119\">17 april 2019 &#8211; Open Rotterdam: Rouwstoet voor de toekomst van Rotterdam<\/a><\/li>\n<li><a href=\"https:\/\/www.vietnamnews.net\/news\/260517341\/climate-protesters-arrested-at-hague-war-crimes-court\">17 april 2019 &#8211; Vietnam News.net:\u00a0Climate Protesters Arrested at Hague War Crimes Court<\/a><\/li>\n<li><a href=\"https:\/\/www.bbc.com\/news\/science-environment-47947775\">16 april 2019 &#8211; BBC:\u00a0Extinction Rebellion: what do they want &#8211; and is it realistic? (picture)<\/a><\/li>\n<li><a href=\"https:\/\/theworldnews.net\/gb-news\/climate-change-activists-who-occupied-international-criminal-court-arrested-by-dutch-police\">16 april 2019 &#8211; The World News:\u00a0Climate change activists who occupied International Criminal Court arrested by Dutch police<\/a><\/li>\n<li><a href=\"https:\/\/www.voanews.com\/a\/climate-protesters-arrested-at-hague-war-crimes-court\/4878280.html\">16 april 2019 &#8211; Voice of America:\u00a0Climate Protesters Arrested at Hague War Crimes Court<\/a><\/li>\n<li><a href=\"http:\/\/www.metalsnews.com\/Metals+News\/VoiceOfAmerica\/Voice+of+AmericaNews\/HEADLINE1262350\/Climate+Protesters+Arrested+at+Hague+War+Crimes+Court.htm\">16 april 2019 &#8211; Metals News:\u00a0Climate Protesters Arrested at Hague War Crimes Court<\/a><\/li>\n<li><a href=\"https:\/\/www.31mag.nl\/den-haag-attivisti-occupano-la-corte-penale-internazionale-lecocidio-venga-inserito-tra-i-crimini\/?fbclid=IwAR0fxNJvk---HuFI_IkVwCqsSiDHud8u1fgSeFEoAwGzsjN7FYTPOWg8NtA\">16 april 2019 &#8211; +31MAG.nl:\u00a0Den Haag, attivisti occupano la Corte Penale Internazionale: l&#8217;\u201decocidio\u201d venga inserito tra i crimini<\/a><\/li>\n<li><a href=\"https:\/\/www.duurzaamnieuws.nl\/bezetters-internationaal-strafhof-eisen-dat-ecocide-strafbaar-wordt\/\">16 april 2019 &#8211; Duurzaam Nieuws:\u00a0Bezetters Internationaal Strafhof eisen dat ecocide strafbaar wordt<\/a><\/li>\n<li><a href=\"https:\/\/www.express.co.uk\/news\/world\/1115090\/extinction-rebellion-the-hague-netherlands-climate-change-protest\">16 april 2019 &#8211; Daily Express:\u00a0Climate change activists ARRESTED when occupying International Criminal Court in The Hague<\/a><\/li>\n<li><a href=\"http:\/\/www.lefigaro.fr\/flash-actu\/une-vingtaine-de-manifestants-ecologistes-arretes-apres-etre-entres-a-la-cpi-20190416?fbclid=IwAR2hJPnEMxW6tBuoEhq5StzEImQFdwJwZo5eX-L8GSAYB8HiR2dq-ijhBOo\">16 april 2019 &#8211; Le Figaro:\u00a0Une vingtaine de manifestants \u00e9cologistes arr\u00eat\u00e9s apr\u00e8s \u00eatre entr\u00e9s \u00e0 la CPI<\/a><\/li>\n<li><a href=\"https:\/\/www.independent.co.uk\/environment\/climate-change-protest-extinction-rebellion-international-criminal-court-the-hague-a8872621.html\">16 april 2019 &#8211; The Independent:\u00a0Climate change activists occupy International Criminal Court in The Hague<\/a><\/li>\n<li><a href=\"https:\/\/www.krapuul.nl\/nieuws\/2736831\/opstand-voor-het-leven-aan-de-gang-blokkade-internationaal-gerechtshof\/\">16 april 2019 &#8211; Krapuul:\u00a0Opstand voor het leven aan de gang: blokkade internationaal gerechtshof<\/a><\/li>\n<li><a href=\"https:\/\/www.ad.nl\/den-haag\/aanhoudingen-bij-protestactie-extinction-rebellion-activisten-dringen-internationaal-strafhof-binnen~a8833bce\/\">16 april 2019 &#8211; AD Den Haag:\u00a0Aanhoudingen bij protestactie Extinction Rebellion: activisten dringen Internationaal Strafhof binnen<\/a><\/li>\n<li><a href=\"https:\/\/www.globalinfo.nl\/Nieuws\/extinction-rebellion-bezet-het-internationaal-strafhof-icc-den-haag-om-strafbaarheid-ecocide-te-eisen\">16 april 2019 &#8211; Globalinfo:\u00a0Extinction Rebellion bezet het Internationaal Strafhof ICC Den Haag om strafbaarheid ecocide te eisen<\/a><\/li>\n<li><a href=\"https:\/\/www.ad.nl\/den-haag\/klimaatactivisten-beboet-omdat-ze-rotzooi-na-nepbloed-actie-niet-opruimden~a0adcb2d\/\">16 april 2019 &#8211; AD Den Haag:\u00a0Klimaatactivisten beboet omdat ze rotzooi na nepbloed-actie niet opruimden<\/a><\/li>\n<li><a href=\"https:\/\/www.geenstijl.nl\/5147210\/zin-om-te-neuken-nu\/\">16 april 2019 &#8211; GeenStijl:\u00a0Klimaatactivisten gaan verkeer platleggen en symbolische begrafenisstoet houden<\/a><\/li>\n<li><a href=\"https:\/\/www.nu.nl\/amsterdam\/5845614\/klimaatactivisten-willen-volgende-week-vrijdag-verkeer-in-stad-blokkeren.html\">16 april 2019 &#8211; NU.nl:\u00a0Klimaatactivisten willen volgende week vrijdag verkeer in stad blokkeren<\/a><\/li>\n<li><a href=\"https:\/\/www.parool.nl\/amsterdam\/actiegroep-wil-wegen-blokkeren-voor-beter-klimaat~a4626070\/\">16 april 2019 &#8211; Parool:\u00a0Actiegroep wil wegen blokkeren voor beter klimaat<\/a><\/li>\n<li><a href=\"https:\/\/www.at5.nl\/artikelen\/193290\/klimaatactivisten-willen-verkeer-ontregelen\">16 april 2019 &#8211; AT5:\u00a0Klimaatactivisten willen verkeer ontregelen<\/a><\/li>\n<li><a href=\"https:\/\/www.nhnieuws.nl\/nieuws\/244102\/klimaatactivisten-kondigen-verkeersblokkades-aan-in-amsterdam\">16 april 2019 &#8211; NH Nieuws:\u00a0Klimaatactivisten kondigen verkeersblokkades aan in Amsterdam<\/a><\/li>\n<li><a href=\"https:\/\/dagblad070.nl\/Algemeen\/klimaatgroepering-kleurt-plein-rood\">16 april 2019 &#8211; Dagblad070:\u00a0Klimaatgroepering kleurt Plein rood<\/a><\/li>\n<li><a href=\"https:\/\/www.ad.nl\/den-haag\/emmers-nepbloed-over-plein-als-actie-voor-klimaat~aa2b841b\/\">15 april 2019 &#8211; AD Den Haag:\u00a0Emmers nepbloed over Plein als actie voor klimaat<\/a><\/li>\n<li><a href=\"https:\/\/www.nu.nl\/den-haag\/5844846\/demonstranten-komen-bijeen-tegen-klimaatverandering-op-plein-den-haag.html?redirect=1\">15 april 2019 &#8211; NU.nl:\u00a0Demonstranten komen bijeen tegen klimaatverandering op Plein Den Haag<\/a><\/li>\n<li><a href=\"https:\/\/www.powned.tv\/artikel\/klimaatbetoging-nieuwe-linkse-hobby\">15 april 2019 &#8211; PowNed: Klimaatbetoging nieuwe linkse hobby<\/a><\/li>\n<li><a href=\"https:\/\/www.nu.nl\/utrecht\/5840850\/activisten-vragen-bij-utrecht-centraal-aandacht-voor-klimaat.html\">12 april 2019 &#8211; NU.nl:\u00a0Activisten vragen bij Utrecht Centraal aandacht voor klimaat<\/a><\/li>\n<li><a href=\"https:\/\/www.ad.nl\/video\/klimaatactivisten-spelen-voor-dood-op-stationsplein~p75327\">12 april 2019 &#8211; AD:\u00a0Klimaatactivisten spelen voor dood op Stationsplein<\/a><\/li>\n<li><a href=\"https:\/\/www.rtlnieuws.nl\/editienl\/artikel\/4675751\/mensen-op-utrecht-cs-vallen-dood-neer-als-protest-voor-het-klimaat\">12 april 2019 &#8211; RTL Nieuws:\u00a0Mensen op Utrecht CS &#8216;vallen dood neer&#8217; als protest voor het klimaat<\/a><\/li>\n<li><a href=\"https:\/\/www.metronieuws.nl\/in-het-nieuws\/2019\/04\/klimaatprotest-utrecht-mensen-vallen-dood-neer?fbclid=IwAR1FNmuNZf1fba7d49rFgw9Rfn1_b0SndPEhzfXvfB7FFYGF8FDJ_kJa3Tg\">12 april 2019 &#8211; Metro: Klimaatprotest Utrecht: mensen vallen &#8216;dood&#8217; neer<\/a><\/li>\n<li><a href=\"https:\/\/www.krapuul.nl\/blog\/2736683\/internationale-rebellieweken\/\">12 april 2019 &#8211; Krapuul: Internationale Rebellieweken<\/a><\/li>\n<li><a href=\"http:\/\/www.mareonline.nl\/archive\/2019\/04\/11\/nog-maar-twaalf-jaar\">11 april 2019 &#8211; Leids Universitair Weekblad: Nog maar twaalf jaar<\/a><\/li>\n<li><a href=\"https:\/\/www.parool.nl\/amsterdam\/klimaatactivisten-vallen-voor-dood-neer-op-station-zuid~a4625074\/\">27 maart 2019 &#8211; Het Parool: Klimaatactivisten vallen voor dood neer op station Zuid<\/a><\/li>\n<li><a href=\"https:\/\/www.at5.nl\/artikelen\/192774\/klimaatactivisten-vallen-dood-neer-bij-station-zuid\">27 maart 2019 &#8211; AT5:\u00a0Klimaatactivisten vallen &#8216;dood&#8217; neer bij station Zuid<\/a><\/li>\n<\/ul>\n","protected":false},"excerpt":{"rendered":"<p>Contact information for journalists and editors Contact by email: The best way of contacting us is by sending an email to media@extinctionrebellion.nl.\u00a0 We work on a national level with a group of spokespersons. For information about upcoming actions and interview requests we recommend you sent a mail. You can also on request be added to [&hellip;]<\/p>\n","protected":false},"author":1,"featured_media":0,"parent":0,"menu_order":0,"comment_status":"closed","ping_status":"closed","template":"","meta":{"_acf_changed":false,"footnotes":""},"class_list":["post-734","page","type-page","status-publish","hentry"],"acf":[],"_links":{"self":[{"href":"https:\/\/extinctionrebellion.nl\/en\/wp-json\/wp\/v2\/pages\/734","targetHints":{"allow":["GET"]}}],"collection":[{"href":"https:\/\/extinctionrebellion.nl\/en\/wp-json\/wp\/v2\/pages"}],"about":[{"href":"https:\/\/extinctionrebellion.nl\/en\/wp-json\/wp\/v2\/types\/page"}],"author":[{"embeddable":true,"href":"https:\/\/extinctionrebellion.nl\/en\/wp-json\/wp\/v2\/users\/1"}],"replies":[{"embeddable":true,"href":"https:\/\/extinctionrebellion.nl\/en\/wp-json\/wp\/v2\/comments?post=734"}],"version-history":[{"count":38,"href":"https:\/\/extinctionrebellion.nl\/en\/wp-json\/wp\/v2\/pages\/734\/revisions"}],"predecessor-version":[{"id":9409,"href":"https:\/\/extinctionrebellion.nl\/en\/wp-json\/wp\/v2\/pages\/734\/revisions\/9409"}],"wp:attachment":[{"href":"https:\/\/extinctionrebellion.nl\/en\/wp-json\/wp\/v2\/media?parent=734"}],"curies":[{"name":"wp","href":"https:\/\/api.w.org\/{rel}","templated":true}]}}